{"id":797,"date":"2018-03-14T13:40:04","date_gmt":"2018-03-14T13:40:04","guid":{"rendered":"https:\/\/www.festivalrinconcillo.com\/valderrubio-y-casa-museo-fgl\/"},"modified":"2018-05-03T08:41:08","modified_gmt":"2018-05-03T08:41:08","slug":"valderrubio-y-casa-museo-fgl","status":"publish","type":"page","link":"https:\/\/www.festivalrinconcillo.com\/fr\/valderrubio-y-casa-museo-fgl\/","title":{"rendered":"Valderrubio y Maison Mus\u00e9e FGL"},"content":{"rendered":"<div class=\"wpb-content-wrapper\"><p>[vc_row css_animation=\u00a0\u00bb\u00a0\u00bb row_type=\u00a0\u00bbrow\u00a0\u00bb use_row_as_full_screen_section=\u00a0\u00bbno\u00a0\u00bb type=\u00a0\u00bbfull_width\u00a0\u00bb angled_section=\u00a0\u00bbno\u00a0\u00bb text_align=\u00a0\u00bbcenter\u00a0\u00bb background_image_as_pattern=\u00a0\u00bbwithout_pattern\u00a0\u00bb z_index=\u00a0\u00bb\u00a0\u00bb][vc_column][qode_elements_holder number_of_columns=\u00a0\u00bbone_column\u00a0\u00bb][qode_elements_holder_item item_padding=\u00a0\u00bb0 0 0 0&Prime; advanced_animations=\u00a0\u00bbno\u00a0\u00bb][vc_column_text el_class=\u00a0\u00bbback-title\u00a0\u00bb]Valderrubio[\/vc_column_text][vc_separator type=\u00a0\u00bbtransparent\u00a0\u00bb up=\u00a0\u00bb-50&Prime;][\/qode_elements_holder_item][\/qode_elements_holder][\/vc_column][\/vc_row][vc_row css_animation=\u00a0\u00bb\u00a0\u00bb row_type=\u00a0\u00bbrow\u00a0\u00bb use_row_as_full_screen_section=\u00a0\u00bbno\u00a0\u00bb type=\u00a0\u00bbgrid\u00a0\u00bb angled_section=\u00a0\u00bbno\u00a0\u00bb text_align=\u00a0\u00bbleft\u00a0\u00bb background_image_as_pattern=\u00a0\u00bbwithout_pattern\u00a0\u00bb z_index=\u00a0\u00bb\u00a0\u00bb][vc_column][vc_column_text]<\/p>\n<h1 style=\"text-align: center;\"><strong>Maison Mus\u00e9e<\/strong> FGL<\/h1>\n<p>[\/vc_column_text][vc_empty_space height=\u00a0\u00bb60px\u00a0\u00bb][\/vc_column][\/vc_row][vc_row css_animation=\u00a0\u00bb\u00a0\u00bb row_type=\u00a0\u00bbrow\u00a0\u00bb use_row_as_full_screen_section=\u00a0\u00bbno\u00a0\u00bb type=\u00a0\u00bbfull_width\u00a0\u00bb angled_section=\u00a0\u00bbno\u00a0\u00bb text_align=\u00a0\u00bbleft\u00a0\u00bb background_image_as_pattern=\u00a0\u00bbwithout_pattern\u00a0\u00bb padding_top=\u00a0\u00bb20&Prime; padding_bottom=\u00a0\u00bb20&Prime; z_index=\u00a0\u00bb\u00a0\u00bb el_class=\u00a0\u00bbimg-circle\u00a0\u00bb][vc_column][qode_elements_holder number_of_columns=\u00a0\u00bbtwo_columns\u00a0\u00bb columns_proportion=\u00a0\u00bb66_33&Prime;][qode_elements_holder_item item_padding=\u00a0\u00bb0 10% 0 0&Prime; vertical_alignment=\u00a0\u00bbmiddle\u00a0\u00bb advanced_animations=\u00a0\u00bbno\u00a0\u00bb][vc_column_text]<\/p>\n<h2 style=\"text-align: left;\">Valderrubio<\/h2>\n<p>[\/vc_column_text][vc_column_text]Federico Garc\u00eda Lorcaest n\u00e9e \u00e0 Fuente Vaqueros en 1898, d\u00e9m\u00e9nageant peu apr\u00e8s \u00e0 Asquerosa, aujourd\u00b4huiValderrubio.\u00a0Le po\u00e8te pass\u00e2t ici toute son enfance et adolescence\u00a0\u00e9tabli entre la Vall\u00e9e fertile de Grenade et les terres s\u00e8ches, dans des contr\u00e9es telles que la Fuente de la Carrura et de la Teja o\u00f9 il d\u00e9veloppa sa po\u00e9sie juv\u00e9nile.<\/p>\n<p>Le paysage qui l\u00b4entoure jouit de vertes cultures et de peupleraies dor\u00e9es, tout cela avec pour fond, la Sierra Nevada.[\/vc_column_text][\/qode_elements_holder_item][qode_elements_holder_item vertical_alignment=\u00a0\u00bbmiddle\u00a0\u00bb horizontal_alignment=\u00a0\u00bbcenter\u00a0\u00bb advanced_animations=\u00a0\u00bbno\u00a0\u00bb][vc_single_image image=\u00a0\u00bb641&Prime; img_size=\u00a0\u00bbfull\u00a0\u00bb alignment=\u00a0\u00bbcenter\u00a0\u00bb qode_css_animation=\u00a0\u00bb\u00a0\u00bb css=\u00a0\u00bb.vc_custom_1521642827560{padding-bottom: 10px !important;}\u00a0\u00bb][vc_column_text]<span style=\"font-size: 26px!important;\">\u201cLe po\u00e8te pass\u00e2t ici toute son enfance et adolescence\u201d<\/span>[\/vc_column_text][\/qode_elements_holder_item][\/qode_elements_holder][\/vc_column][\/vc_row][vc_row css_animation=\u00a0\u00bb\u00a0\u00bb row_type=\u00a0\u00bbrow\u00a0\u00bb use_row_as_full_screen_section=\u00a0\u00bbno\u00a0\u00bb type=\u00a0\u00bbfull_width\u00a0\u00bb angled_section=\u00a0\u00bbno\u00a0\u00bb text_align=\u00a0\u00bbleft\u00a0\u00bb background_image_as_pattern=\u00a0\u00bbwithout_pattern\u00a0\u00bb padding_top=\u00a0\u00bb20&Prime; padding_bottom=\u00a0\u00bb20&Prime; z_index=\u00a0\u00bb\u00a0\u00bb el_class=\u00a0\u00bbimg-circle\u00a0\u00bb][vc_column][qode_elements_holder number_of_columns=\u00a0\u00bbtwo_columns\u00a0\u00bb columns_proportion=\u00a0\u00bb33_66&Prime;][qode_elements_holder_item item_padding=\u00a0\u00bb0 0 0 0&Prime; vertical_alignment=\u00a0\u00bbmiddle\u00a0\u00bb horizontal_alignment=\u00a0\u00bbcenter\u00a0\u00bb advanced_animations=\u00a0\u00bbno\u00a0\u00bb][vc_single_image image=\u00a0\u00bb644&Prime; img_size=\u00a0\u00bbfull\u00a0\u00bb alignment=\u00a0\u00bbcenter\u00a0\u00bb qode_css_animation=\u00a0\u00bb\u00a0\u00bb][\/qode_elements_holder_item][qode_elements_holder_item item_padding=\u00a0\u00bb0 0 0 10%\u00a0\u00bb vertical_alignment=\u00a0\u00bbmiddle\u00a0\u00bb advanced_animations=\u00a0\u00bbno\u00a0\u00bb][vc_column_text]On sait qu\u2019\u00e0l\u00b4int\u00e9rieur de ces terres, Federico s\u00b4inspir\u00e2t pour plusieurs de ses plus grandes \u0153uvres\u00a0telles que par exemple\u00a0La Casa de Bernarda Alba (La maison de Bernarda Alba), La Zapatera Prodigiosa (La Saveti\u00e8re Prodigieuse) ou Do\u00f1a Rosita la Soltera (Do\u00f1a Rosita, la c\u00e9libataire).\u00a0Sa litt\u00e9rature est pleine de personnages de village, d\u00b4histoires s\u00b4\u00e9tant d\u00e9roul\u00e9es ici, de r\u00e9f\u00e9rences \u00e0 des paysages et des lieux. De plus, selon sa s\u0153ur Isabel (Recuerdos m\u00edos, 2002)\u00a0de ce villaje vient toute sa po\u00e9sie juv\u00e9nile. Dans ce sens, le directeur de la Fondation Federico Garc\u00eda Lorca et neveux-petit-fils du po\u00e8te, Manuel Montesinos affirme:[\/vc_column_text][vc_empty_space][\/qode_elements_holder_item][\/qode_elements_holder][\/vc_column][\/vc_row][vc_row css_animation=\u00a0\u00bb\u00a0\u00bb row_type=\u00a0\u00bbrow\u00a0\u00bb use_row_as_full_screen_section=\u00a0\u00bbno\u00a0\u00bb type=\u00a0\u00bbfull_width\u00a0\u00bb angled_section=\u00a0\u00bbyes\u00a0\u00bb angled_section_position=\u00a0\u00bbboth\u00a0\u00bb angled_section_direction=\u00a0\u00bbfrom_left_to_right\u00a0\u00bb text_align=\u00a0\u00bbcenter\u00a0\u00bb background_image_as_pattern=\u00a0\u00bbwithout_pattern\u00a0\u00bb background_color=\u00a0\u00bbrgba(60,60,135,0.3)\u00a0\u00bb padding_top=\u00a0\u00bb40px\u00a0\u00bb padding_bottom=\u00a0\u00bb40px\u00a0\u00bb z_index=\u00a0\u00bb\u00a0\u00bb css=\u00a0\u00bb.vc_custom_1521704485317{margin-top: 80px !important;margin-bottom: 80px !important;}\u00a0\u00bb][vc_column][vc_column_text css=\u00a0\u00bb.vc_custom_1522155006843{padding-top: 50px !important;padding-bottom: 50px !important;}\u00a0\u00bb]<\/p>\n<p class=\"title-alt\" style=\"text-align: center;\">\u201cIl n\u00b4y a aucun doute que Garc\u00eda Lorca a beaucoup \u00e9crit \u00e0 l\u00b4ancienne Asquerosa et rien du tout \u00e0 Fuente Vaqueros. Il y a beaucoup de po\u00e8mes juv\u00e9niles des ann\u00e9es 1918 et 1919 sign\u00e9s \u00e0 Asquerosa\u201d.<\/p>\n<p>[\/vc_column_text][vc_column_text]<\/p>\n<p style=\"text-align: right;\">Lettre de la Fondation Federico Garc\u00eda Lorca, \u00a08 Juin 1990.<\/p>\n<p>[\/vc_column_text][\/vc_column][\/vc_row][vc_row css_animation=\u00a0\u00bb\u00a0\u00bb row_type=\u00a0\u00bbrow\u00a0\u00bb use_row_as_full_screen_section=\u00a0\u00bbno\u00a0\u00bb type=\u00a0\u00bbfull_width\u00a0\u00bb angled_section=\u00a0\u00bbno\u00a0\u00bb text_align=\u00a0\u00bbleft\u00a0\u00bb background_image_as_pattern=\u00a0\u00bbwithout_pattern\u00a0\u00bb padding_top=\u00a0\u00bb20&Prime; padding_bottom=\u00a0\u00bb20&Prime; z_index=\u00a0\u00bb\u00a0\u00bb el_class=\u00a0\u00bbimg-circle\u00a0\u00bb][vc_column][qode_elements_holder number_of_columns=\u00a0\u00bbtwo_columns\u00a0\u00bb columns_proportion=\u00a0\u00bb66_33&Prime;][qode_elements_holder_item item_padding=\u00a0\u00bb0 10% 0 0&Prime; vertical_alignment=\u00a0\u00bbmiddle\u00a0\u00bb advanced_animations=\u00a0\u00bbno\u00a0\u00bb][vc_column_text]Mise \u00e0 part ces r\u00e9f\u00e9rences, la vie de Lorca au villaje reste grav\u00e9e sur des lettres \u00e9crites \u00e0 ses amis o\u00f9 il fait observer qu\u00b4il est \u00e0\u00a0\u201cla Vega de Zujaira\u201d, la fa\u00e7on dont\u00a0 Federico appelait cet endroit pour omettre le \u201cmalsonnant\u201d Asquerosa. De m\u00eame, sont t\u00e9moin de sa vie au villaje et \u00e0 la maison, entre autres, la lettre dirig\u00e9e \u00e0 ses parents o\u00f9 il leurs explique comment il d\u00e9sire qu\u00b4ils lui pr\u00e9parent la chambre, ou le registre paroissial o\u00f9 figure sa confirmation religieuse.[\/vc_column_text][\/qode_elements_holder_item][qode_elements_holder_item vertical_alignment=\u00a0\u00bbmiddle\u00a0\u00bb horizontal_alignment=\u00a0\u00bbcenter\u00a0\u00bb advanced_animations=\u00a0\u00bbno\u00a0\u00bb][vc_single_image image=\u00a0\u00bb646&Prime; img_size=\u00a0\u00bbfull\u00a0\u00bb alignment=\u00a0\u00bbcenter\u00a0\u00bb qode_css_animation=\u00a0\u00bb\u00a0\u00bb][\/qode_elements_holder_item][\/qode_elements_holder][\/vc_column][\/vc_row][vc_row css_animation=\u00a0\u00bb\u00a0\u00bb row_type=\u00a0\u00bbrow\u00a0\u00bb use_row_as_full_screen_section=\u00a0\u00bbno\u00a0\u00bb type=\u00a0\u00bbfull_width\u00a0\u00bb angled_section=\u00a0\u00bbno\u00a0\u00bb text_align=\u00a0\u00bbleft\u00a0\u00bb background_image_as_pattern=\u00a0\u00bbwithout_pattern\u00a0\u00bb padding_top=\u00a0\u00bb80&Prime; padding_bottom=\u00a0\u00bb80&Prime; z_index=\u00a0\u00bb\u00a0\u00bb el_class=\u00a0\u00bbimg-circle\u00a0\u00bb][vc_column][qode_elements_holder number_of_columns=\u00a0\u00bbtwo_columns\u00a0\u00bb columns_proportion=\u00a0\u00bb66_33&Prime;][qode_elements_holder_item item_padding=\u00a0\u00bb0 10% 0 0&Prime; vertical_alignment=\u00a0\u00bbmiddle\u00a0\u00bb advanced_animations=\u00a0\u00bbno\u00a0\u00bb][vc_column_text]<\/p>\n<h2 style=\"text-align: left;\">La\u00a0Maison Mus\u00e9e\u00a0Federico Garc\u00eda Lorca<\/h2>\n<p>[\/vc_column_text][vc_column_text]La b\u00e2tisse dans laquelle est situ\u00e9e la\u00a0Maison Mus\u00e9e Federico Garc\u00eda Lorca\u00a0de\u00a0Valderrubio\u00a0est une maison traditionnelle de travail sur deux \u00e9tages, construite en 1915 sur les ciments de l\u00b4 ancienne maison que le p\u00e8re de Federico convert\u00eet en\u00a0domicile rural de la famille entre 1905 et 1909. Lorsqu\u00b4il v\u00e9cu dans cette maison Federico fut \u00e0 l\u00b4\u00e9cole et connut le premier petit th\u00e9\u00e2tre ambulant, qui r\u00e9veilla en lui son int\u00e9r\u00eat pour ce genre, germe de sa\u00a0future vocation cr\u00e9ative. Jusqu\u00b4en 1925 ce sera \u00e9galement l\u00b4endroit ils pass\u00e8rent leurs \u00e9t\u00e9s.[\/vc_column_text][\/qode_elements_holder_item][qode_elements_holder_item item_padding=\u00a0\u00bb0 0 0 0&Prime; vertical_alignment=\u00a0\u00bbmiddle\u00a0\u00bb horizontal_alignment=\u00a0\u00bbcenter\u00a0\u00bb advanced_animations=\u00a0\u00bbno\u00a0\u00bb][vc_single_image image=\u00a0\u00bb647&Prime; img_size=\u00a0\u00bbfull\u00a0\u00bb alignment=\u00a0\u00bbcenter\u00a0\u00bb qode_css_animation=\u00a0\u00bb\u00a0\u00bb][\/qode_elements_holder_item][\/qode_elements_holder][\/vc_column][\/vc_row][vc_row css_animation=\u00a0\u00bb\u00a0\u00bb row_type=\u00a0\u00bbrow\u00a0\u00bb use_row_as_full_screen_section=\u00a0\u00bbno\u00a0\u00bb type=\u00a0\u00bbfull_width\u00a0\u00bb angled_section=\u00a0\u00bbno\u00a0\u00bb text_align=\u00a0\u00bbleft\u00a0\u00bb background_image_as_pattern=\u00a0\u00bbwithout_pattern\u00a0\u00bb padding_top=\u00a0\u00bb20&Prime; padding_bottom=\u00a0\u00bb20&Prime; z_index=\u00a0\u00bb\u00a0\u00bb el_class=\u00a0\u00bbimg-circle\u00a0\u00bb][vc_column][qode_elements_holder number_of_columns=\u00a0\u00bbtwo_columns\u00a0\u00bb columns_proportion=\u00a0\u00bb33_66&Prime;][qode_elements_holder_item item_padding=\u00a0\u00bb0 0 0 0&Prime; vertical_alignment=\u00a0\u00bbmiddle\u00a0\u00bb horizontal_alignment=\u00a0\u00bbcenter\u00a0\u00bb advanced_animations=\u00a0\u00bbno\u00a0\u00bb][vc_single_image image=\u00a0\u00bb649&Prime; img_size=\u00a0\u00bbfull\u00a0\u00bb alignment=\u00a0\u00bbcenter\u00a0\u00bb qode_css_animation=\u00a0\u00bb\u00a0\u00bb][\/qode_elements_holder_item][qode_elements_holder_item item_padding=\u00a0\u00bb0 0 0 10%\u00a0\u00bb vertical_alignment=\u00a0\u00bbmiddle\u00a0\u00bb advanced_animations=\u00a0\u00bbno\u00a0\u00bb][vc_column_text]Les actions pour la constitution de la maison mus\u00e9e remontent \u00e0 la fin des ann\u00e9es 70. C\u00b4est alors que surgit l\u00b4int\u00e9r\u00eat pour \u00a0r\u00e9cup\u00e9rer la\u00a0m\u00e9moire de Federico\u00a0et de sa famille \u00e0 travers la\u00a0reconstruction des espaces\u00a0qu\u00b4ils habitaient, sc\u00e9narios d\u00b4 une vie charg\u00e9e de sensibilit\u00e9; pi\u00e8ces pour le travail, le repos, les loisirs, et en d\u00e9finitive pour une vie quotidienne qui fut \u00e0 tout instant une source d\u00b4inspiration. Paysages et personnes locales, habitudes, expressions verbales, f\u00eates et faits populaires sont pr\u00e9sents dans nombreuses\u00a0\u0153uvres de Federico.<\/p>\n<p>Parall\u00e8lement \u00e0 l\u00b4 acquisition et restauration de la propri\u00e9t\u00e9 on commence \u00e0 travailler sur la\u00a0r\u00e9cup\u00e9ration de effetset pi\u00e8ces de mobiliers, qui dans certains cas avaient \u00e9t\u00e9 conserv\u00e9s par les voisins charg\u00e9s de la surveillance de la maison et de l\u00b4exploitation des terres de la famille.[\/vc_column_text][vc_empty_space][\/qode_elements_holder_item][\/qode_elements_holder][\/vc_column][\/vc_row]<\/p>\n<\/div>","protected":false},"excerpt":{"rendered":"<p>[vc_row css_animation=\u00a0\u00bb\u00a0\u00bb row_type=\u00a0\u00bbrow\u00a0\u00bb use_row_as_full_screen_section=\u00a0\u00bbno\u00a0\u00bb type=\u00a0\u00bbfull_width\u00a0\u00bb angled_section=\u00a0\u00bbno\u00a0\u00bb text_align=\u00a0\u00bbcenter\u00a0\u00bb background_image_as_pattern=\u00a0\u00bbwithout_pattern\u00a0\u00bb z_index=\u00a0\u00bb\u00a0\u00bb][vc_column][qode_elements_holder number_of_columns=\u00a0\u00bbone_column\u00a0\u00bb][qode_elements_holder_item item_padding=\u00a0\u00bb0 0 0 0&Prime; advanced_animations=\u00a0\u00bbno\u00a0\u00bb][vc_column_text el_class=\u00a0\u00bbback-title\u00a0\u00bb]Valderrubio[\/vc_column_text][vc_separator type=\u00a0\u00bbtransparent\u00a0\u00bb up=\u00a0\u00bb-50&Prime;][\/qode_elements_holder_item][\/qode_elements_holder][\/vc_column][\/vc_row][vc_row css_animation=\u00a0\u00bb\u00a0\u00bb row_type=\u00a0\u00bbrow\u00a0\u00bb&#8230;<\/p>\n","protected":false},"author":1,"featured_media":0,"parent":0,"menu_order":0,"comment_status":"closed","ping_status":"closed","template":"","meta":{"_acf_changed":false,"footnotes":""},"acf":[],"_links":{"self":[{"href":"https:\/\/www.festivalrinconcillo.com\/fr\/wp-json\/wp\/v2\/pages\/797"}],"collection":[{"href":"https:\/\/www.festivalrinconcillo.com\/fr\/wp-json\/wp\/v2\/pages"}],"about":[{"href":"https:\/\/www.festivalrinconcillo.com\/fr\/wp-json\/wp\/v2\/types\/page"}],"author":[{"embeddable":true,"href":"https:\/\/www.festivalrinconcillo.com\/fr\/wp-json\/wp\/v2\/users\/1"}],"replies":[{"embeddable":true,"href":"https:\/\/www.festivalrinconcillo.com\/fr\/wp-json\/wp\/v2\/comments?post=797"}],"version-history":[{"count":3,"href":"https:\/\/www.festivalrinconcillo.com\/fr\/wp-json\/wp\/v2\/pages\/797\/revisions"}],"predecessor-version":[{"id":822,"href":"https:\/\/www.festivalrinconcillo.com\/fr\/wp-json\/wp\/v2\/pages\/797\/revisions\/822"}],"wp:attachment":[{"href":"https:\/\/www.festivalrinconcillo.com\/fr\/wp-json\/wp\/v2\/media?parent=797"}],"curies":[{"name":"wp","href":"https:\/\/api.w.org\/{rel}","templated":true}]}}